{"id":472,"date":"2020-08-03T12:01:03","date_gmt":"2020-08-03T10:01:03","guid":{"rendered":"https:\/\/fablab.green\/wp\/?page_id=472"},"modified":"2023-11-29T12:07:45","modified_gmt":"2023-11-29T11:07:45","slug":"vielfalt","status":"publish","type":"page","link":"https:\/\/fablab.green\/wp\/vielfalt\/","title":{"rendered":"Biodiversit\u00e4t \/ Biologische Vielfalt"},"content":{"rendered":"\n<p><em>\u201eAlles h\u00e4ngt mit Allem zusammen.\u201c<\/em>&nbsp;[Alexander von Humboldt]<\/p>\n\n\n\n<p>Die Biologische Vielfalt beeinflusst die Leistungsf\u00e4higkeit unserer \u00d6kosysteme. Der fortschreitende Verlust der biologischen Vielfalt ist dramatisch. Es gibt immer weniger intakte \u00d6kosysteme. Haupts\u00e4chlich verantwortlich daf\u00fcr ist der Mensch mit seinen Produktions- und Konsumweisen. Die Schaffung und Erhaltung der biologischen Vielfalt ist f\u00fcr den Menschen lebensnotwendig.<\/p>\n\n\n\n<p><strong>Bedeutung: Die biologische Vielfalt der lebenden Organismen auf unserem Planeten<\/strong><\/p>\n\n\n\n<ul><li>umfasst die Vielfalt der \u00d6koysteme, Arten und ihrer gegenseitigen Wechselbeziehungen sowie die genetische Vielfalt innerhalb einer Art.<\/li><li><span style=\"font-size: 1rem;\">ist eine dynamische Gr\u00f6\u00dfe, die sich im Laufe der Erdgeschichte immer wieder auf- und absteigend entwickelt hat. Auch die menschliche Kultur hat biologische Vielfalt geschaffen. Dennoch ist die menschenbedingte Verlustrate 100 bis 1000 mal h\u00f6her als die naturbedingte.<\/span><\/li><li>beeinflusst die Produktivit\u00e4t und Widerstandskraft von \u00d6kosystemen und ist f\u00fcr die Aufrechterhaltung vieler \u00d6kosystemleistungen verantwortlich.<\/li><\/ul>\n\n\n\n<p>Die Leistungen der Natur (\u00d6kosysteme) erm\u00f6glichen dem Menschen das Leben: Sie umfassen die Regulation des Klimas und Reinigung der<br>Luft wie auch die Regulation des Wasserhaushalts und damit auch unsere Versorgung mit Trinkwasser. \u00dcber die Best\u00e4ubung von Bl\u00fctenpflanzen werden uns Nahrungsmittel geliefert. Es wird f\u00fcr die Bildung fruchtbaren Bodens, unserer Lebensgrundlage, f\u00fcr die Photosynthese und den Kreislauf der Stoffe gesorgt. Wir werden vor nat\u00fcrlichen Extremereignissen (z.B. \u00dcberschwemmungen, Erdrutsche) und durch Kontrolle von Sch\u00e4dlingen ge- sch\u00fctzt. Die Natur liefert uns Nahrung, Rohstoffe (z.B. Holz, Baumwolle) und biochemisch\/pharmazeutische Stoffe und hilft uns damit bei Krankheit und gegen Krankheitserreger. Sie l\u00e4sst uns regenerieren, erleben, bilden. Sie erfreut, gibt uns Halt und Identit\u00e4t und befriedigt unser \u00e4sthetisches Gef\u00fchl.<\/p>\n\n\n\n<figure class=\"wp-block-gallery columns-3 is-cropped wp-block-gallery-1 is-layout-flex wp-block-gallery-is-layout-flex\"><ul class=\"blocks-gallery-grid\"><li class=\"blocks-gallery-item\"><figure><img decoding=\"async\" src=\"https:\/\/fablab.green\/wp\/wp-content\/uploads\/2020\/08\/holz2_dsc2311.jpg\" alt=\"\" data-id=\"920\" data-full-url=\"https:\/\/fablab.green\/wp\/wp-content\/uploads\/2020\/08\/holz2_dsc2311.jpg\" data-link=\"https:\/\/fablab.green\/wp\/?attachment_id=920\" class=\"wp-image-920\"\/><\/figure><\/li><li class=\"blocks-gallery-item\"><figure><img decoding=\"async\" src=\"https:\/\/fablab.green\/wp\/wp-content\/uploads\/2020\/08\/medizindsc2333.jpg\" alt=\"\" data-id=\"921\" data-full-url=\"https:\/\/fablab.green\/wp\/wp-content\/uploads\/2020\/08\/medizindsc2333.jpg\" data-link=\"https:\/\/fablab.green\/wp\/?attachment_id=921\" class=\"wp-image-921\"\/><\/figure><\/li><li class=\"blocks-gallery-item\"><figure><img decoding=\"async\" src=\"https:\/\/fablab.green\/wp\/wp-content\/uploads\/2020\/08\/ernaehrung.jpg\" alt=\"\" data-id=\"919\" data-full-url=\"https:\/\/fablab.green\/wp\/wp-content\/uploads\/2020\/08\/ernaehrung.jpg\" data-link=\"https:\/\/fablab.green\/wp\/?attachment_id=919\" class=\"wp-image-919\"\/><\/figure><\/li><li class=\"blocks-gallery-item\"><figure><img decoding=\"async\" src=\"https:\/\/fablab.green\/wp\/wp-content\/uploads\/2020\/08\/wasser2_dsc2317.jpg\" alt=\"\" data-id=\"922\" data-full-url=\"https:\/\/fablab.green\/wp\/wp-content\/uploads\/2020\/08\/wasser2_dsc2317.jpg\" data-link=\"https:\/\/fablab.green\/wp\/?attachment_id=922\" class=\"wp-image-922\"\/><\/figure><\/li><li class=\"blocks-gallery-item\"><figure><img decoding=\"async\" src=\"https:\/\/fablab.green\/wp\/wp-content\/uploads\/2020\/08\/erholung.jpg\" alt=\"\" data-id=\"918\" data-full-url=\"https:\/\/fablab.green\/wp\/wp-content\/uploads\/2020\/08\/erholung.jpg\" data-link=\"https:\/\/fablab.green\/wp\/?attachment_id=918\" class=\"wp-image-918\"\/><\/figure><\/li><\/ul><\/figure>\n\n\n\n<h2 class=\"wp-block-heading\" id=\"starke_gefaehrdung\">Starke Gef\u00e4hrdung<\/h2>\n\n\n\n<ul><li><strong>Weltweit<\/strong>: Die Mehrzahl der \u00d6kosysteme befindet sich in einem DEGRADIERTEN Zustand. Ein stattfindender Verlust der Biodiversit\u00e4t hat negative Auswirkungen (MEA: Millenium Ecosystem Assessment, 2005). Die Biodiversit\u00e4t in Binnengew\u00e4ssern ist besonders stark bedroht \u2013 der Artenverlust in Fl\u00fcssen, Seen und Feuchtgebieten schreitet etwa zwei bis drei Mal so schnell wie im Meer oder an Land voran (Weltbiodiversit\u00e4tsrat (IPBES), 2019).<\/li><li>In <strong>Deutschland<\/strong> gibt es ca. 48.000 Tierarten, 9.500 Pflanzen- und 14.400 Pilzarten und 863 Biotoptypen. 31 Prozent wurden als bestands- gef\u00e4hrdet eingestuft, vier Prozent sind bereits ausgestorben, rund zwei Drittel der Biotoptypen sind gef\u00e4hrdet.<\/li><li><strong>Nordrhein-Westfalen<\/strong>: Es gibt \u00fcber 43.000 verschiedene Tier-, Pilz- und Pflanzenarten in rund 70 verschiedenen Lebensr\u00e4umen. Lebensr\u00e4ume und Arten (z.B. Insekten: 80 % Biomasse-Verlust in 3 Jahrzehnten) zeigen einen ung\u00fcnstigen Erhaltungsstand. Ungef\u00e4hr 45 Prozent der bewerteten Arten stehen auf der Roten Liste der gef\u00e4hrdeten Arten (Rote Liste, FFH-Bericht).<\/li><\/ul>\n\n\n\n<h2 class=\"wp-block-heading\">Ursachen des Verlusts der Biodiversit\u00e4t<\/h2>\n\n\n\n<p>Hauptursachen der Gef\u00e4hrdung der Arten und ihrer Lebensr\u00e4ume liegen in der gewandelten und zunehmend intensiven menschlichen Nutzung von Natur und Landschaft.<\/p>\n\n\n\n<ul><li>So werden Lebensr\u00e4ume direkt durch \u00dcberbauung\/Versiegelung (f\u00fcr Siedlung und Verkehr), Abholzung, Entw\u00e4sserung oder ver\u00e4nderte Land- und Gew\u00e4ssernutzung (Forstwirtschaft, Nutzung von Gew\u00e4ssern, Sport-\/Freizeitaktivit\u00e4ten) zerst\u00f6rt.<\/li><li>Durch \u00dcberd\u00fcngung, Einsatz von Pestiziden, Verschmutzung, Schadstoffeintrag, nicht nachhaltiger Landbewirtschaftung, Zerschneidung werden Lebensr\u00e4ume \u00fcbernutzt und degradiert, d.h. die dortigen Lebensbedingungen verschlechtern sich.<\/li><li>Der Eintrag gebietsfremder Arten kann heimische Arten verdr\u00e4ngen.<\/li><li>Eine Anpassung an die Klimawandel-bedingten, beschleunigten \u00c4nderungen von Umweltbedingungen ist f\u00fcr viele Arten schwer oder nicht m\u00f6glich. Die Breitenwirksamkeit dieser \u00c4nderung hat tiefgreifenden Einfluss auf alle \u00d6kosysteme.<\/li><\/ul>\n\n\n\n<figure class=\"wp-block-gallery columns-3 is-cropped wp-block-gallery-2 is-layout-flex wp-block-gallery-is-layout-flex\"><ul class=\"blocks-gallery-grid\"><li class=\"blocks-gallery-item\"><figure><img decoding=\"async\" src=\"https:\/\/fablab.green\/wp\/wp-content\/uploads\/2020\/08\/basstoelpel-helgoland_cropped_1_-1.jpg\" alt=\"\" data-id=\"936\" data-full-url=\"https:\/\/fablab.green\/wp\/wp-content\/uploads\/2020\/08\/basstoelpel-helgoland_cropped_1_-1.jpg\" data-link=\"https:\/\/fablab.green\/wp\/?attachment_id=936\" class=\"wp-image-936\"\/><\/figure><\/li><li class=\"blocks-gallery-item\"><figure><img decoding=\"async\" src=\"https:\/\/fablab.green\/wp\/wp-content\/uploads\/2020\/08\/feld_traktor_1_-1.png\" alt=\"\" data-id=\"937\" data-full-url=\"https:\/\/fablab.green\/wp\/wp-content\/uploads\/2020\/08\/feld_traktor_1_-1.png\" data-link=\"https:\/\/fablab.green\/wp\/?attachment_id=937\" class=\"wp-image-937\"\/><\/figure><\/li><li class=\"blocks-gallery-item\"><figure><img decoding=\"async\" src=\"https:\/\/fablab.green\/wp\/wp-content\/uploads\/2020\/08\/monokulturmais_dsc2232-1.jpg\" alt=\"\" data-id=\"938\" data-full-url=\"https:\/\/fablab.green\/wp\/wp-content\/uploads\/2020\/08\/monokulturmais_dsc2232-1.jpg\" data-link=\"https:\/\/fablab.green\/wp\/?attachment_id=938\" class=\"wp-image-938\"\/><\/figure><\/li><li class=\"blocks-gallery-item\"><figure><img decoding=\"async\" src=\"https:\/\/fablab.green\/wp\/wp-content\/uploads\/2020\/08\/pesticides-spray-herbicide-735-350-722x350_1_-1.jpg\" alt=\"\" data-id=\"939\" data-full-url=\"https:\/\/fablab.green\/wp\/wp-content\/uploads\/2020\/08\/pesticides-spray-herbicide-735-350-722x350_1_-1.jpg\" data-link=\"https:\/\/fablab.green\/wp\/?attachment_id=939\" class=\"wp-image-939\"\/><\/figure><\/li><\/ul><\/figure>\n\n\n\n<h2 class=\"wp-block-heading\">Erhaltung der Biodiversit\u00e4t<\/h2>\n\n\n\n<p>Auf der Ebene der Politik, von Vereinigungen, wie auch eines jeden Einzelnen k\u00f6nnen Ma\u00dfnahmen zur Schaffung und Erhaltung der biologischen Vielfalt getroffen werden.<\/p>\n\n\n\n<p><em>Internationale und nationale \u00dcbereinkommen \/ Regularien zum Schutz der Biodiversit\u00e4t<\/em><\/p>\n\n\n\n<p>UN-Konvention \u00fcber die Biologische Vielfalt (CBD, Rio, 1992) \/\/ Nagoya-Protokoll (2010): Bericht zum \u00f6konomischen Nutzen der biologischen Vielfalt (TEEB-Initiative), Bericht zur Verbesserung der wissenschaftlichen Information zu den Themen Biodiversit\u00e4t und \u00d6kosystemleistungen (IPBES), Aichi-Biodiversit\u00e4tsziele bis 2020 zur Eind\u00e4mmung der Biodiversit\u00e4tsverluste und Ma\u00dfnahmen zur Wiederherstellung) \/\/ UN-Dekade der Biologischen Vielfalt (2011-2020) <\/p>\n\n\n\n<p>EU-Biodiversit\u00e4tsstrategie 2020 (2011), Nationale Biodiversit\u00e4tsstrategien und auf Ebene der Bundesl\u00e4nder in D (z.B. Biodiversit\u00e4tsstrategie NRW, 2015)<\/p>\n\n\n\n<p><em>Ma\u00dfnahmen zum Schutz der Biodiversit\u00e4t<\/em><\/p>\n\n\n\n<ul><li>Ausweisung von Schutzgebieten als R\u00fcckzugsort f\u00fcr wildlebende Tier- und Pflanzenarten (in D sind ca. 16 Prozent der Landfl\u00e4che streng gesch\u00fctzt als Nationalpark, Biosph\u00e4renreservat, Naturschutzgebiet oder FFH-\/ Natura 2000-Gebiet). <\/li><li>Biotop-Schutz- und Vernetzung auch au\u00dferhalb von Schutzgebieten durch Schaffung einer vielf\u00e4ltigen, reich strukturierten, nachhaltig genutzten Agrarlandschaft (z.B. Erhaltung von extensiv genutztem Gr\u00fcnland, Verringerung von Pestizid- und D\u00fcngemitteleinsatz, Schad- stoffeintrag) \/\/ einer nachhaltigen Waldbewirtschaftung (z.B. Totholz belassen, nicht bewirtschaftete Waldfl\u00e4chen, vernetzte W\u00e4lder) \/\/ der Renaturierung von Fl\u00fcssen, B\u00e4chen und Auen (z.B. durch Deichr\u00fcckverlegung, Schaffung von Fischdurchl\u00e4ssigkeit) \/\/ naturvertr\u00e4gliche Fangquoten und \u2013methoden bei der Fischerei \/\/ Senkung des Verbrauchs von Siedlungs-und Verkehrsfl\u00e4chen und \u00f6kologische Aufwertung der bestehenden Fl\u00e4chen (kommunale \/ gewerbliche Gr\u00fcnfl\u00e4chen, Urban Gardening).<\/li><\/ul>\n\n\n\n<figure class=\"wp-block-gallery columns-3 is-cropped wp-block-gallery-3 is-layout-flex wp-block-gallery-is-layout-flex\"><ul class=\"blocks-gallery-grid\"><li class=\"blocks-gallery-item\"><figure><img decoding=\"async\" src=\"https:\/\/fablab.green\/wp\/wp-content\/uploads\/2020\/08\/garten.jpg\" alt=\"\" data-id=\"941\" data-full-url=\"https:\/\/fablab.green\/wp\/wp-content\/uploads\/2020\/08\/garten.jpg\" data-link=\"https:\/\/fablab.green\/wp\/?attachment_id=941\" class=\"wp-image-941\"\/><\/figure><\/li><li class=\"blocks-gallery-item\"><figure><img decoding=\"async\" src=\"https:\/\/fablab.green\/wp\/wp-content\/uploads\/2020\/08\/heide-768x1024.jpg\" alt=\"\" data-id=\"942\" data-full-url=\"https:\/\/fablab.green\/wp\/wp-content\/uploads\/2020\/08\/heide-scaled.jpg\" data-link=\"https:\/\/fablab.green\/wp\/?attachment_id=942\" class=\"wp-image-942\"\/><\/figure><\/li><li class=\"blocks-gallery-item\"><figure><img decoding=\"async\" src=\"https:\/\/fablab.green\/wp\/wp-content\/uploads\/2020\/08\/pilzamwasser-768x1024.jpg\" alt=\"\" data-id=\"943\" data-full-url=\"https:\/\/fablab.green\/wp\/wp-content\/uploads\/2020\/08\/pilzamwasser-scaled.jpg\" data-link=\"https:\/\/fablab.green\/wp\/?attachment_id=943\" class=\"wp-image-943\"\/><\/figure><\/li><li class=\"blocks-gallery-item\"><figure><img decoding=\"async\" src=\"https:\/\/fablab.green\/wp\/wp-content\/uploads\/2020\/08\/schmetterling_2005_1_.jpg\" alt=\"\" data-id=\"944\" data-full-url=\"https:\/\/fablab.green\/wp\/wp-content\/uploads\/2020\/08\/schmetterling_2005_1_.jpg\" data-link=\"https:\/\/fablab.green\/wp\/?attachment_id=944\" class=\"wp-image-944\"\/><\/figure><\/li><li class=\"blocks-gallery-item\"><figure><img decoding=\"async\" src=\"https:\/\/fablab.green\/wp\/wp-content\/uploads\/2020\/08\/waldfarn-768x1024.jpg\" alt=\"\" data-id=\"945\" data-full-url=\"https:\/\/fablab.green\/wp\/wp-content\/uploads\/2020\/08\/waldfarn-scaled.jpg\" data-link=\"https:\/\/fablab.green\/wp\/?attachment_id=945\" class=\"wp-image-945\"\/><\/figure><\/li><li class=\"blocks-gallery-item\"><figure><img decoding=\"async\" src=\"https:\/\/fablab.green\/wp\/wp-content\/uploads\/2020\/08\/waldrandbeeren-768x1024.jpg\" alt=\"\" data-id=\"946\" data-full-url=\"https:\/\/fablab.green\/wp\/wp-content\/uploads\/2020\/08\/waldrandbeeren-scaled.jpg\" data-link=\"https:\/\/fablab.green\/wp\/?attachment_id=946\" class=\"wp-image-946\"\/><\/figure><\/li><li class=\"blocks-gallery-item\"><figure><img decoding=\"async\" src=\"https:\/\/fablab.green\/wp\/wp-content\/uploads\/2020\/08\/wieseinsekt.jpg\" alt=\"\" data-id=\"947\" data-full-url=\"https:\/\/fablab.green\/wp\/wp-content\/uploads\/2020\/08\/wieseinsekt.jpg\" data-link=\"https:\/\/fablab.green\/wp\/?attachment_id=947\" class=\"wp-image-947\"\/><\/figure><\/li><\/ul><\/figure>\n\n\n\n<h2 class=\"wp-block-heading\" id=\"was_kann_der_einzelne_tun\">Was kann der Einzelne tun?<\/h2>\n\n\n\n<ul><li>Den eigenen Garten naturnah gestalten, d. h. heimische, insektenfreundliche Pflanzenarten, Pflanzen- und Strukturvielfalt, Pestizidfreiheit.<\/li><li>Unterst\u00fctzung einer umweltvertr\u00e4glichen Landwirtschaft durch den Kauf nachhaltig produzierter Lebensmittel (bio, regional, saisonal).<\/li><li>R\u00fccksichtsvolles Verhalten in der Natur und Engagement in Naturschutzverb\u00e4nden.<\/li><\/ul>\n\n\n\n<h3 class=\"wp-block-heading\">Quellen<\/h3>\n\n\n\n<ul><li><a href=\"http:\/\/www.lanuv.nrw.de\/\" target=\"_blank\" rel=\"noreferrer noopener\">www.lanuv.nrw.de<\/a><\/li><li><a href=\"http:\/\/www.bmu.de\/\" target=\"_blank\" rel=\"noreferrer noopener\">www.bmu.de<\/a><\/li><li><a href=\"http:\/\/www.biodiversitaet-nrw.de\/\" target=\"_blank\" rel=\"noreferrer noopener\">www.biodiversitaet-nrw.de<\/a><\/li><\/ul>\n\n\n\n<hr class=\"wp-block-separator\"\/>\n\n\n\n<p>Erforschen Sie weitere Experimente zum Thema <strong><em>Biodiversit\u00e4t<\/em><\/strong>!<\/p>\n\n\n<div id=\"rggclGridCntr_1179\" class=\"rggclGridCntr  rggclv_022\"><div class=\"rggclGridRow abcfClrFix\"><div class=\"rggclGridCol rggclGridCol_2\"><div id=\"1181\" class=\"rggclGridImgCntr\"><a href=\"https:\/\/fablab.green\/wp\/mauer\/\"><img decoding=\"async\"  src=\"https:\/\/fablab.green\/wp\/wp-content\/uploads\/2020\/09\/Steinmauer.png\" class=\"rggclImgCenter\" alt=\"Steinmauer\"  itemprop=\"image\"  \/><\/a><\/div><div class=\"rggclGridTxtCntr\"><\/div><\/div><div class=\"rggclGridCol rggclGridCol_2\"><div id=\"1183\" class=\"rggclGridImgCntr\"><a href=\"https:\/\/fablab.green\/wp\/sukz\/\"><img decoding=\"async\"  src=\"https:\/\/fablab.green\/wp\/wp-content\/uploads\/2020\/09\/Sukzessionsflache.png\" class=\"rggclImgCenter\" alt=\"Sukzessionsfl\u00e4che\"  itemprop=\"image\"  \/><\/a><\/div><div class=\"rggclGridTxtCntr\"><\/div><\/div><\/div><\/div>\n","protected":false},"excerpt":{"rendered":"<p>\u201eAlles h\u00e4ngt mit Allem zusammen.\u201c&nbsp;[Alexander von Humboldt] Die Biologische Vielfalt beeinflusst die Leistungsf\u00e4higkeit unserer \u00d6kosysteme. Der fortschreitende Verlust der biologischen Vielfalt ist dramatisch. Es gibt immer weniger intakte \u00d6kosysteme. Haupts\u00e4chlich &hellip; <\/p>\n<p class=\"link-more\"><a href=\"https:\/\/fablab.green\/wp\/vielfalt\/\" class=\"more-link\"><span class=\"screen-reader-text\">\u201eBiodiversit\u00e4t \/ Biologische Vielfalt\u201c<\/span> weiterlesen<\/a><\/p>\n","protected":false},"author":3,"featured_media":0,"parent":0,"menu_order":0,"comment_status":"closed","ping_status":"closed","template":"","meta":{"footnotes":""},"yoast_head":"<!-- This site is optimized with the Yoast SEO plugin v21.6 - https:\/\/yoast.com\/wordpress\/plugins\/seo\/ -->\n<title>Biodiversit\u00e4t \/ Biologische Vielfalt - Green Fablab - Let&#039;s Act Green.<\/title>\n<meta name=\"robots\" content=\"index, follow, max-snippet:-1, max-image-preview:large, max-video-preview:-1\" \/>\n<link rel=\"canonical\" href=\"https:\/\/fablab.green\/wp\/en\/vielfalt\/\" \/>\n<meta property=\"og:locale\" content=\"de_DE\" \/>\n<meta property=\"og:type\" content=\"article\" \/>\n<meta property=\"og:title\" content=\"Biodiversit\u00e4t \/ Biologische Vielfalt\" \/>\n<meta property=\"og:description\" content=\"\u201eAlles h\u00e4ngt mit Allem zusammen.\u201c&nbsp;[Alexander von Humboldt] Die Biologische Vielfalt beeinflusst die Leistungsf\u00e4higkeit unserer \u00d6kosysteme. Der fortschreitende Verlust der biologischen Vielfalt ist dramatisch. Es gibt immer weniger intakte \u00d6kosysteme. Haupts\u00e4chlich &hellip; \u201eBiodiversit\u00e4t \/ Biologische Vielfalt\u201c weiterlesen\" \/>\n<meta property=\"og:url\" content=\"https:\/\/fablab.green\/wp\/en\/vielfalt\/\" \/>\n<meta property=\"og:site_name\" content=\"Green Fablab - Let&#039;s Act Green.\" \/>\n<meta property=\"article:modified_time\" content=\"2023-11-29T11:07:45+00:00\" \/>\n<meta property=\"og:image\" content=\"https:\/\/fablab.green\/wp\/wp-content\/uploads\/2020\/08\/holz2_dsc2311-1.jpg\" \/>\n<meta name=\"twitter:card\" content=\"summary_large_image\" \/>\n<meta name=\"twitter:label1\" content=\"Gesch\u00e4tzte Lesezeit\" \/>\n\t<meta name=\"twitter:data1\" content=\"7\u00a0Minuten\" \/>\n<script type=\"application\/ld+json\" class=\"yoast-schema-graph\">{\"@context\":\"https:\/\/schema.org\",\"@graph\":[{\"@type\":\"WebPage\",\"@id\":\"https:\/\/fablab.green\/wp\/en\/vielfalt\/\",\"url\":\"https:\/\/fablab.green\/wp\/en\/vielfalt\/\",\"name\":\"[:en]Biodiversity \/ Biological diversity[:de]Biodiversit\u00e4t \/ Biologische Vielfalt[:] - Green Fablab - Let&#039;s Act Green.\",\"isPartOf\":{\"@id\":\"https:\/\/fablab.green\/wp\/#website\"},\"datePublished\":\"2020-08-03T10:01:03+00:00\",\"dateModified\":\"2023-11-29T11:07:45+00:00\",\"breadcrumb\":{\"@id\":\"https:\/\/fablab.green\/wp\/en\/vielfalt\/#breadcrumb\"},\"inLanguage\":\"de-DE\",\"potentialAction\":[{\"@type\":\"ReadAction\",\"target\":[\"https:\/\/fablab.green\/wp\/en\/vielfalt\/\"]}]},{\"@type\":\"BreadcrumbList\",\"@id\":\"https:\/\/fablab.green\/wp\/en\/vielfalt\/#breadcrumb\",\"itemListElement\":[{\"@type\":\"ListItem\",\"position\":1,\"name\":\"Home\",\"item\":\"https:\/\/fablab.green\/wp\/en\/\"},{\"@type\":\"ListItem\",\"position\":2,\"name\":\"Biodiversity \/ Biological diversity\"}]},{\"@type\":\"WebSite\",\"@id\":\"https:\/\/fablab.green\/wp\/#website\",\"url\":\"https:\/\/fablab.green\/wp\/\",\"name\":\"Green Fablab - Let&#039;s Act Green.\",\"description\":\"Eine Einrichtung der Hochschule Rhein-Waal (HSRW)\",\"potentialAction\":[{\"@type\":\"SearchAction\",\"target\":{\"@type\":\"EntryPoint\",\"urlTemplate\":\"https:\/\/fablab.green\/wp\/?s={search_term_string}\"},\"query-input\":\"required name=search_term_string\"}],\"inLanguage\":\"de-DE\"}]}<\/script>\n<!-- \/ Yoast SEO plugin. -->","yoast_head_json":{"title":"Biodiversit\u00e4t \/ Biologische Vielfalt - Green Fablab - Let&#039;s Act Green.","robots":{"index":"index","follow":"follow","max-snippet":"max-snippet:-1","max-image-preview":"max-image-preview:large","max-video-preview":"max-video-preview:-1"},"canonical":"https:\/\/fablab.green\/wp\/en\/vielfalt\/","og_locale":"de_DE","og_type":"article","og_title":"[:en]Biodiversity \/ Biological diversity[:de]Biodiversit\u00e4t \/ Biologische Vielfalt[:] - Green Fablab - Let&#039;s Act Green.","og_description":"\u201eAlles h\u00e4ngt mit Allem zusammen.\u201c&nbsp;[Alexander von Humboldt] Die Biologische Vielfalt beeinflusst die Leistungsf\u00e4higkeit unserer \u00d6kosysteme. Der fortschreitende Verlust der biologischen Vielfalt ist dramatisch. Es gibt immer weniger intakte \u00d6kosysteme. Haupts\u00e4chlich &hellip; \u201eBiodiversit\u00e4t \/ Biologische Vielfalt\u201c weiterlesen","og_url":"https:\/\/fablab.green\/wp\/en\/vielfalt\/","og_site_name":"Green Fablab - Let&#039;s Act Green.","article_modified_time":"2023-11-29T11:07:45+00:00","og_image":[{"url":"https:\/\/fablab.green\/wp\/wp-content\/uploads\/2020\/08\/holz2_dsc2311-1.jpg"}],"twitter_card":"summary_large_image","twitter_misc":{"Gesch\u00e4tzte Lesezeit":"7\u00a0Minuten"},"schema":{"@context":"https:\/\/schema.org","@graph":[{"@type":"WebPage","@id":"https:\/\/fablab.green\/wp\/en\/vielfalt\/","url":"https:\/\/fablab.green\/wp\/en\/vielfalt\/","name":"[:en]Biodiversity \/ Biological diversity[:de]Biodiversit\u00e4t \/ Biologische Vielfalt[:] - Green Fablab - Let&#039;s Act Green.","isPartOf":{"@id":"https:\/\/fablab.green\/wp\/#website"},"datePublished":"2020-08-03T10:01:03+00:00","dateModified":"2023-11-29T11:07:45+00:00","breadcrumb":{"@id":"https:\/\/fablab.green\/wp\/en\/vielfalt\/#breadcrumb"},"inLanguage":"de-DE","potentialAction":[{"@type":"ReadAction","target":["https:\/\/fablab.green\/wp\/en\/vielfalt\/"]}]},{"@type":"BreadcrumbList","@id":"https:\/\/fablab.green\/wp\/en\/vielfalt\/#breadcrumb","itemListElement":[{"@type":"ListItem","position":1,"name":"Home","item":"https:\/\/fablab.green\/wp\/en\/"},{"@type":"ListItem","position":2,"name":"Biodiversity \/ Biological diversity"}]},{"@type":"WebSite","@id":"https:\/\/fablab.green\/wp\/#website","url":"https:\/\/fablab.green\/wp\/","name":"Green Fablab - Let&#039;s Act Green.","description":"Eine Einrichtung der Hochschule Rhein-Waal (HSRW)","potentialAction":[{"@type":"SearchAction","target":{"@type":"EntryPoint","urlTemplate":"https:\/\/fablab.green\/wp\/?s={search_term_string}"},"query-input":"required name=search_term_string"}],"inLanguage":"de-DE"}]}},"_links":{"self":[{"href":"https:\/\/fablab.green\/wp\/wp-json\/wp\/v2\/pages\/472"}],"collection":[{"href":"https:\/\/fablab.green\/wp\/wp-json\/wp\/v2\/pages"}],"about":[{"href":"https:\/\/fablab.green\/wp\/wp-json\/wp\/v2\/types\/page"}],"author":[{"embeddable":true,"href":"https:\/\/fablab.green\/wp\/wp-json\/wp\/v2\/users\/3"}],"replies":[{"embeddable":true,"href":"https:\/\/fablab.green\/wp\/wp-json\/wp\/v2\/comments?post=472"}],"version-history":[{"count":1,"href":"https:\/\/fablab.green\/wp\/wp-json\/wp\/v2\/pages\/472\/revisions"}],"predecessor-version":[{"id":1802,"href":"https:\/\/fablab.green\/wp\/wp-json\/wp\/v2\/pages\/472\/revisions\/1802"}],"wp:attachment":[{"href":"https:\/\/fablab.green\/wp\/wp-json\/wp\/v2\/media?parent=472"}],"curies":[{"name":"wp","href":"https:\/\/api.w.org\/{rel}","templated":true}]}}